{"id":4168,"date":"2017-10-06T18:00:43","date_gmt":"2017-10-06T16:00:43","guid":{"rendered":"http:\/\/ff-muehldorf.at\/wordpress\/?post_type=portfolio&#038;p=4168"},"modified":"2017-10-06T18:00:43","modified_gmt":"2017-10-06T16:00:43","slug":"technical-rescue-team","status":"publish","type":"portfolio","link":"https:\/\/ff-muehldorf.at\/wordpress\/portfolio\/technical-rescue-team\/","title":{"rendered":"Technical Rescue Team"},"content":{"rendered":"<p>Zu Beginn dieses Jahres 2016 wurde in unserer Feuerwehr das erste TRT (Technical Rescue Team) des Bezirks Urfahr-Umgebung gegr\u00fcndet. Beim Technical Rescue Team handelt es sich um eine\u00a0<strong>\u201epatientenorientierte\u201c<\/strong> Auseinandersetzung mit dem Thema technischer Hilfeleistung.\u00a0Das Technisches Rettungsteam wurde durch die Initiative unseres Kameraden OBM Dominik Praher ins Leben gerufen und setzt seither die Schwerpunkte\u00a0in\u00a0der technischen Aus- und Weiterbildung.<\/p>\n<p>Anders als bei bestehenden technischen Leistungspr\u00fcfungen steht bei diesen, international und in anderen Bezirken bzw. Bundesl\u00e4ndern bereits seit l\u00e4ngeren praktizierten Bewerben, vor allem der Patient und die damit verbundene richtige und schonende Rettung im Vordergrund.<\/p>\n<h5><strong>Was hei\u00dft nun TRT?<\/strong><\/h5>\n<p>TRT \u2013 ist englisch und steht\u00a0f\u00fcr \u201eTechnical Rescue Team\u201c. Es sieht eine\u00a0fixe Gruppe von 6 Personen vor, welche sich ganz speziell mit der technischen Menschenrettung besch\u00e4ftigt<\/p>\n<p>Dabei unterscheidet man zwischen 3 verschiedenen Szenarien eines Verkehrsunfalls mit eingeklemmten oder eingeschlossenen Personen<\/p>\n<p><strong>Einfaches Szenario: \u201eRAPID\u201c:<br \/>\n<\/strong>Ein Patient ist in einem zeitkritischen Gesundheitszustand. Die TRT Gruppe\u00a0hat 10 Minuten Zeit um die verletzte Person aus Fahrzeug zu retten.<\/p>\n<p><strong>erweitertes Szenario: \u201eSTANDARD\u201c:<br \/>\n<\/strong>Ein Patient\u00a0in einem oder zwei PKW\u00b4s (die Fahrzeuge k\u00f6nnen auf den R\u00e4dern stehen oder\u00a0aber auch auf der Seite oder am Dach liegen bzw. gegen verschiedene Hindernisse geprallt sein). Das Team hat bei dieser \u00dcbung 20 Minuten Zeit um die\u00a0Menschenrettung m\u00f6glichst schonend durchzuf\u00fchren.<\/p>\n<p><strong>Schwieriges Szenario: \u201eKOMPLEX\u201c:<br \/>\n<\/strong>Zwei Patienten\u00a0in zwei oder drei PKW`s (in unterschiedlichen Lagen wie schon bei \u201eSTANDARD\u201c beschrieben). Das Rettungsteam hat hierbei 30 Minuten um\u00a0beiden Personen aus deren Fahrzeugen zu retten.<\/p>\n<p>&nbsp;<\/p>\n<h5><strong>Wie setzt sich das Technical Rescue Team zusammen?<\/strong><\/h5>\n<p><strong>Incident Commander \u2013 IC (Gruppenkommandant)<\/strong><br \/>\nDer \u201eIC\u201c leitet den Einsatz, erkundet die Lage und teilt die Mannschaft und die jeweiligen Aufgaben ein. Er \u00fcberwacht die Arbeiten und steht in engeren Verbindung mit dem Medic (Innerer Retter).<\/p>\n<p><strong>Medic (Innerer Retter)<\/strong><br \/>\nDer \u201eMedic\u201c \u00fcbernimmt die Betreuung und Versorgung des Verletzten. Er nimmt von au\u00dfen Kontakt mit dem Patienten auf. Sobald das Fahrzeug gesichert ist, begibt sich der Medic ins Innere des Fahrzeuges und f\u00fchrt die ersten lebensrettenden Sofortma\u00dfnahmen durch. Wenn der Verletzte mittels Spineboard (Rettungsbrett) aus dem Fahrzeug gerettet wird, \u00fcbernimmt er das Kommando \u00fcber diesen Vorgang.<\/p>\n<p><strong>Technical (Sicherungs- und Rettungstrupp)<\/strong><br \/>\nDas \u201eTechnical\u201c besteht aus den restlichen 4 Mitgliedern des Teams, sie m\u00fcssen zuerst das Fahrzeug sichern und stabilisieren. Danach unterst\u00fctzt ein Mitglied den Medic und die restlichen drei Mitglieder f\u00fchren die Technische Rettung mittels hydraulischem Rettungsger\u00e4t durch.<\/p>\n<div class=\"hrule clearfix\" style=\" height:2px\"><\/div>\n\t\t\t<div class=\"home_blog kad-animation home-blog-shortcode home-blog-two-columns\" data-animation=\"fade-in\" data-delay=\"0\">\n\t\t\t\t<div class=\"row\">\n\t\t\t\t\t\t\t\t\t\t<div class=\"col-md-6 col-sm-6 blog-home-shortcode-single-post clearclass0\">\n\t\t\t\t\t\t\t<article id=\"post-12202\" class=\"post-12202 post type-post status-publish format-standard has-post-thumbnail hentry category-aktivitaeten category-bewerbe-aktivitaeten category-feuerwehr-medizinischer-dienst category-technical-rescue-team category-technische-hilfe tag-atro tag-austrian-technical-rescue-organisation tag-stadt-haag tag-technical-rescue-team tag-technische-hilfe tag-thl-tage tag-trt\">\n\t\t\t\t\t\t\t\t<div class=\"rowtight\">\n\t\t\t\t\t\t\t\t\t\t\t\t\t\t\t\t\t<div class=\"tcol-md-5 tcol-sm-12 tcol-ss-12\">\n\t\t\t\t\t\t\t\t\t\t<div class=\"imghoverclass\">\n\t\t\t\t\t\t\t\t\t\t\t<a href=\"https:\/\/ff-muehldorf.at\/wordpress\/2025\/09\/13\/tolle-leistung-bei-den-oesterreichischen-thl-tagen-2025\/\" title=\"Tolle Leistung bei den \u00f6sterreichischen THL-Tagen 2025\">\n\t\t\t\t\t\t\t\t\t\t\t\t<div class=\"kt-intrinsic-container kt-intrinsic-container-center\" style=\"max-width:270px\"><div class=\"kt-intrinsic\" style=\"padding-bottom:100%;\"><div itemprop=\"image\" itemscope itemtype=\"https:\/\/schema.org\/ImageObject\"><img loading=\"lazy\" decoding=\"async\" src=\"https:\/\/ff-muehldorf.at\/wordpress\/wp-content\/uploads\/2025\/09\/13\/2025-09-13_tolle-leistung-bei-den-oesterreichischen-thl-tagen-2025-37-270x270.jpg\" width=\"270\" height=\"270\" srcset=\"https:\/\/ff-muehldorf.at\/wordpress\/wp-content\/uploads\/2025\/09\/13\/2025-09-13_tolle-leistung-bei-den-oesterreichischen-thl-tagen-2025-37-270x270.jpg 270w, https:\/\/ff-muehldorf.at\/wordpress\/wp-content\/uploads\/2025\/09\/13\/2025-09-13_tolle-leistung-bei-den-oesterreichischen-thl-tagen-2025-37-150x150.jpg 150w, https:\/\/ff-muehldorf.at\/wordpress\/wp-content\/uploads\/2025\/09\/13\/2025-09-13_tolle-leistung-bei-den-oesterreichischen-thl-tagen-2025-37-365x365.jpg 365w, https:\/\/ff-muehldorf.at\/wordpress\/wp-content\/uploads\/2025\/09\/13\/2025-09-13_tolle-leistung-bei-den-oesterreichischen-thl-tagen-2025-37-400x400.jpg 400w\" sizes=\"auto, (max-width: 270px) 100vw, 270px\" class=\"iconhover post-excerpt-image\" itemprop=\"contentUrl\" alt=\"\" ><meta itemprop=\"url\" content=\"https:\/\/ff-muehldorf.at\/wordpress\/wp-content\/uploads\/2025\/09\/13\/2025-09-13_tolle-leistung-bei-den-oesterreichischen-thl-tagen-2025-37-270x270.jpg\"><meta itemprop=\"width\" content=\"270px\"><meta itemprop=\"height\" content=\"270px\"><\/div><\/div><\/div>\t\t\t\t\t\t\t\t\t\t\t<\/a>\n\t\t\t\t\t\t\t\t\t\t<\/div>\n\t\t\t\t\t\t\t\t\t<\/div>\n\t\t\t\t\t\t\t\t\t\t\t\t\t\t\t\t\t<div class=\"tcol-md-7 tcol-sm-12 tcol-ss-12 postcontent\">\n\t\t\t\t\t\t\t\t\t<div class=\"postmeta color_gray\">\n\t\t\t\t\t\t\t\t\t\t<div class=\"postdate bg-lightgray headerfont\">\n\t\t\t\t\t\t\t\t\t\t\t<span class=\"postday\">13<\/span>\n\t\t\t\t\t\t\t\t\t\t\tSep. 2025\t\t\t\t\t\t\t\t\t\t<\/div>\n\t\t\t\t\t\t\t\t\t<\/div>\n\t\t\t\t\t\t\t\t<header class=\"home_blog_title\">\n\t\t\t\t\t\t\t\t\t<a href=\"https:\/\/ff-muehldorf.at\/wordpress\/2025\/09\/13\/tolle-leistung-bei-den-oesterreichischen-thl-tagen-2025\/\">\n\t\t\t\t\t\t\t\t\t\t<h5 class=\"entry-title\">Tolle Leistung bei den \u00f6sterreichischen THL-Tagen 2025<\/h5>\n\t\t\t\t\t\t\t\t\t<\/a>\n\t\t\t\t\t\t\t\t\t<div class=\"subhead color_gray\">\n\t\t\t\t\t\t\t\t\t<span class=\"postauthortop\" rel=\"tooltip\" data-placement=\"top\" data-original-title=\"Administrator\">\n\t\t\t\t\t\t\t\t\t\t<i class=\"icon-user\"><\/i>\n\t\t\t\t\t\t\t\t\t<\/span>\n\t\t\t\t\t\t\t\t\t<span class=\"kad-hidepostauthortop\"> | <\/span>\n\t\t\t\t\t\t\t\t\t\t\t\t\t\t\t\t\t\t\t\t\t<span class=\"postedintop\" rel=\"tooltip\" data-placement=\"top\" data-original-title=\"Aktivit\u00e4ten&nbsp;Bewerbe&nbsp;Feuerwehr Medizinischer Dienst&nbsp;Technical Rescue Team&nbsp;Technische Hilfe&nbsp;\"><i class=\"icon-folder\"><\/i><\/span>\n\t\t\t\t\t\t\t\t\t\t\t\t\t\t\t\t\t\t\t\t<\/div>\n\t\t\t\t\t\t\t\t<\/header>\n\t\t\t\t\t\t\t\t<div class=\"entry-content\">\n\t\t\t\t\t\t\t\t\t<p>\n\t\t\t\t\t\t\t\t\t\tNach einer intensiven Vorbereitung \u00fcber die Sommermonate, konnte unser Technical Rescue Team am 13. September 2025, bei den \u00f6sterreichischen THL-Tagen in der Stadt Haag (N\u00d6), erneut ihr K\u00f6nnen unter Beweis stellen. Unter den Augen eines...\t\t\t\t\t\t\t\t\t\t<a href=\"https:\/\/ff-muehldorf.at\/wordpress\/2025\/09\/13\/tolle-leistung-bei-den-oesterreichischen-thl-tagen-2025\/\">\n\t\t\t\t\t\t\t\t\t\t\tweiter...\t\t\t\t\t\t\t\t\t\t<\/a>\n\t\t\t\t\t\t\t\t\t<\/p>\n\t\t\t\t\t\t\t\t<\/div>\n\t\t\t\t\t\t\t\t<footer>\n\t\t\t\t\t\t\t\t<\/footer>\n\t\t\t\t\t\t\t<\/div>\n\t\t\t\t\t\t<\/div>\n\t\t\t\t\t<\/article>\n\t\t\t\t<\/div>\n\t\t\t\t\t\t\t\t\t\t<div class=\"col-md-6 col-sm-6 blog-home-shortcode-single-post clearclass1\">\n\t\t\t\t\t\t\t<article id=\"post-12143\" class=\"post-12143 post type-post status-publish format-standard has-post-thumbnail hentry category-aktivitaeten category-technical-rescue-team category-technische-hilfe category-uebungen tag-alternative-antriebsformen tag-eingeklemmte-person tag-elektromobilitaet tag-gruppenuebung tag-rettungskarten tag-rettungsuebung tag-technische-hilfe tag-verkehrsunfall\">\n\t\t\t\t\t\t\t\t<div class=\"rowtight\">\n\t\t\t\t\t\t\t\t\t\t\t\t\t\t\t\t\t<div class=\"tcol-md-5 tcol-sm-12 tcol-ss-12\">\n\t\t\t\t\t\t\t\t\t\t<div class=\"imghoverclass\">\n\t\t\t\t\t\t\t\t\t\t\t<a href=\"https:\/\/ff-muehldorf.at\/wordpress\/2025\/09\/03\/technische-uebung-mit-drei-eingeklemmten-personen\/\" title=\"Technische \u00dcbung mit drei eingeklemmten Personen\">\n\t\t\t\t\t\t\t\t\t\t\t\t<div class=\"kt-intrinsic-container kt-intrinsic-container-center\" style=\"max-width:270px\"><div class=\"kt-intrinsic\" style=\"padding-bottom:100%;\"><div itemprop=\"image\" itemscope itemtype=\"https:\/\/schema.org\/ImageObject\"><img loading=\"lazy\" decoding=\"async\" src=\"https:\/\/ff-muehldorf.at\/wordpress\/wp-content\/uploads\/2025\/09\/03\/2025-09-03_technische-uebung-mit-drei-eingeklemmten-personen-13-270x270.jpg\" width=\"270\" height=\"270\" srcset=\"https:\/\/ff-muehldorf.at\/wordpress\/wp-content\/uploads\/2025\/09\/03\/2025-09-03_technische-uebung-mit-drei-eingeklemmten-personen-13-270x270.jpg 270w, https:\/\/ff-muehldorf.at\/wordpress\/wp-content\/uploads\/2025\/09\/03\/2025-09-03_technische-uebung-mit-drei-eingeklemmten-personen-13-150x150.jpg 150w, https:\/\/ff-muehldorf.at\/wordpress\/wp-content\/uploads\/2025\/09\/03\/2025-09-03_technische-uebung-mit-drei-eingeklemmten-personen-13-400x400.jpg 400w, https:\/\/ff-muehldorf.at\/wordpress\/wp-content\/uploads\/2025\/09\/03\/2025-09-03_technische-uebung-mit-drei-eingeklemmten-personen-13-365x365.jpg 365w\" sizes=\"auto, (max-width: 270px) 100vw, 270px\" class=\"iconhover post-excerpt-image\" itemprop=\"contentUrl\" alt=\"\" ><meta itemprop=\"url\" content=\"https:\/\/ff-muehldorf.at\/wordpress\/wp-content\/uploads\/2025\/09\/03\/2025-09-03_technische-uebung-mit-drei-eingeklemmten-personen-13-270x270.jpg\"><meta itemprop=\"width\" content=\"270px\"><meta itemprop=\"height\" content=\"270px\"><\/div><\/div><\/div>\t\t\t\t\t\t\t\t\t\t\t<\/a>\n\t\t\t\t\t\t\t\t\t\t<\/div>\n\t\t\t\t\t\t\t\t\t<\/div>\n\t\t\t\t\t\t\t\t\t\t\t\t\t\t\t\t\t<div class=\"tcol-md-7 tcol-sm-12 tcol-ss-12 postcontent\">\n\t\t\t\t\t\t\t\t\t<div class=\"postmeta color_gray\">\n\t\t\t\t\t\t\t\t\t\t<div class=\"postdate bg-lightgray headerfont\">\n\t\t\t\t\t\t\t\t\t\t\t<span class=\"postday\">3<\/span>\n\t\t\t\t\t\t\t\t\t\t\tSep. 2025\t\t\t\t\t\t\t\t\t\t<\/div>\n\t\t\t\t\t\t\t\t\t<\/div>\n\t\t\t\t\t\t\t\t<header class=\"home_blog_title\">\n\t\t\t\t\t\t\t\t\t<a href=\"https:\/\/ff-muehldorf.at\/wordpress\/2025\/09\/03\/technische-uebung-mit-drei-eingeklemmten-personen\/\">\n\t\t\t\t\t\t\t\t\t\t<h5 class=\"entry-title\">Technische \u00dcbung mit drei eingeklemmten Personen<\/h5>\n\t\t\t\t\t\t\t\t\t<\/a>\n\t\t\t\t\t\t\t\t\t<div class=\"subhead color_gray\">\n\t\t\t\t\t\t\t\t\t<span class=\"postauthortop\" rel=\"tooltip\" data-placement=\"top\" data-original-title=\"Administrator\">\n\t\t\t\t\t\t\t\t\t\t<i class=\"icon-user\"><\/i>\n\t\t\t\t\t\t\t\t\t<\/span>\n\t\t\t\t\t\t\t\t\t<span class=\"kad-hidepostauthortop\"> | <\/span>\n\t\t\t\t\t\t\t\t\t\t\t\t\t\t\t\t\t\t\t\t\t<span class=\"postedintop\" rel=\"tooltip\" data-placement=\"top\" data-original-title=\"Aktivit\u00e4ten&nbsp;Technical Rescue Team&nbsp;Technische Hilfe&nbsp;\u00dcbungen&nbsp;\"><i class=\"icon-folder\"><\/i><\/span>\n\t\t\t\t\t\t\t\t\t\t\t\t\t\t\t\t\t\t\t\t<\/div>\n\t\t\t\t\t\t\t\t<\/header>\n\t\t\t\t\t\t\t\t<div class=\"entry-content\">\n\t\t\t\t\t\t\t\t\t<p>\n\t\t\t\t\t\t\t\t\t\tNach einer kurzen Urlaubs- und Sommerpause starteten wir am Mittwoch den 03.09.2025 mit einer einsatzm\u00e4\u00dfigen technischen Gruppen\u00fcbung in den beginnenden Herbst. \u00dcbungsannahme war ein Verkehrsunfall mit zwei Fahrzeugen und 3 verletzten bzw. eingeschlossenen Personen. Als...\t\t\t\t\t\t\t\t\t\t<a href=\"https:\/\/ff-muehldorf.at\/wordpress\/2025\/09\/03\/technische-uebung-mit-drei-eingeklemmten-personen\/\">\n\t\t\t\t\t\t\t\t\t\t\tweiter...\t\t\t\t\t\t\t\t\t\t<\/a>\n\t\t\t\t\t\t\t\t\t<\/p>\n\t\t\t\t\t\t\t\t<\/div>\n\t\t\t\t\t\t\t\t<footer>\n\t\t\t\t\t\t\t\t<\/footer>\n\t\t\t\t\t\t\t<\/div>\n\t\t\t\t\t\t<\/div>\n\t\t\t\t\t<\/article>\n\t\t\t\t<\/div>\n\t\t\t\t\t\t\t\t\t\t<div class=\"col-md-6 col-sm-6 blog-home-shortcode-single-post clearclass0\">\n\t\t\t\t\t\t\t<article id=\"post-12067\" class=\"post-12067 post type-post status-publish format-standard has-post-thumbnail hentry category-einsaetze category-katastrophenschutz category-technical-rescue-team category-technischer-einsatz tag-baum-auf-strasse tag-forstgeraet tag-gewitter tag-klf-a tag-krf-b tag-motorsaege tag-pesenbach tag-sturmeinsatz tag-traktor tag-verstopfter-kanal\">\n\t\t\t\t\t\t\t\t<div class=\"rowtight\">\n\t\t\t\t\t\t\t\t\t\t\t\t\t\t\t\t\t<div class=\"tcol-md-5 tcol-sm-12 tcol-ss-12\">\n\t\t\t\t\t\t\t\t\t\t<div class=\"imghoverclass\">\n\t\t\t\t\t\t\t\t\t\t\t<a href=\"https:\/\/ff-muehldorf.at\/wordpress\/2025\/07\/15\/aufraeumarbeiten-nach-einem-gewittersturm\/\" title=\"Aufr\u00e4umarbeiten nach einem Gewittersturm\">\n\t\t\t\t\t\t\t\t\t\t\t\t<div class=\"kt-intrinsic-container kt-intrinsic-container-center\" style=\"max-width:270px\"><div class=\"kt-intrinsic\" style=\"padding-bottom:100%;\"><div itemprop=\"image\" itemscope itemtype=\"https:\/\/schema.org\/ImageObject\"><img loading=\"lazy\" decoding=\"async\" src=\"https:\/\/ff-muehldorf.at\/wordpress\/wp-content\/uploads\/2025\/07\/15\/2025-07-15_aufraeumarbeiten-nach-einem-gewittersturm-270x270.jpg\" width=\"270\" height=\"270\" srcset=\"https:\/\/ff-muehldorf.at\/wordpress\/wp-content\/uploads\/2025\/07\/15\/2025-07-15_aufraeumarbeiten-nach-einem-gewittersturm-270x270.jpg 270w, https:\/\/ff-muehldorf.at\/wordpress\/wp-content\/uploads\/2025\/07\/15\/2025-07-15_aufraeumarbeiten-nach-einem-gewittersturm-150x150.jpg 150w, https:\/\/ff-muehldorf.at\/wordpress\/wp-content\/uploads\/2025\/07\/15\/2025-07-15_aufraeumarbeiten-nach-einem-gewittersturm-400x400.jpg 400w, https:\/\/ff-muehldorf.at\/wordpress\/wp-content\/uploads\/2025\/07\/15\/2025-07-15_aufraeumarbeiten-nach-einem-gewittersturm-365x365.jpg 365w\" sizes=\"auto, (max-width: 270px) 100vw, 270px\" class=\"iconhover post-excerpt-image\" itemprop=\"contentUrl\" alt=\"\" ><meta itemprop=\"url\" content=\"https:\/\/ff-muehldorf.at\/wordpress\/wp-content\/uploads\/2025\/07\/15\/2025-07-15_aufraeumarbeiten-nach-einem-gewittersturm-270x270.jpg\"><meta itemprop=\"width\" content=\"270px\"><meta itemprop=\"height\" content=\"270px\"><\/div><\/div><\/div>\t\t\t\t\t\t\t\t\t\t\t<\/a>\n\t\t\t\t\t\t\t\t\t\t<\/div>\n\t\t\t\t\t\t\t\t\t<\/div>\n\t\t\t\t\t\t\t\t\t\t\t\t\t\t\t\t\t<div class=\"tcol-md-7 tcol-sm-12 tcol-ss-12 postcontent\">\n\t\t\t\t\t\t\t\t\t<div class=\"postmeta color_gray\">\n\t\t\t\t\t\t\t\t\t\t<div class=\"postdate bg-lightgray headerfont\">\n\t\t\t\t\t\t\t\t\t\t\t<span class=\"postday\">15<\/span>\n\t\t\t\t\t\t\t\t\t\t\tJuli 2025\t\t\t\t\t\t\t\t\t\t<\/div>\n\t\t\t\t\t\t\t\t\t<\/div>\n\t\t\t\t\t\t\t\t<header class=\"home_blog_title\">\n\t\t\t\t\t\t\t\t\t<a href=\"https:\/\/ff-muehldorf.at\/wordpress\/2025\/07\/15\/aufraeumarbeiten-nach-einem-gewittersturm\/\">\n\t\t\t\t\t\t\t\t\t\t<h5 class=\"entry-title\">Aufr\u00e4umarbeiten nach einem Gewittersturm<\/h5>\n\t\t\t\t\t\t\t\t\t<\/a>\n\t\t\t\t\t\t\t\t\t<div class=\"subhead color_gray\">\n\t\t\t\t\t\t\t\t\t<span class=\"postauthortop\" rel=\"tooltip\" data-placement=\"top\" data-original-title=\"Administrator\">\n\t\t\t\t\t\t\t\t\t\t<i class=\"icon-user\"><\/i>\n\t\t\t\t\t\t\t\t\t<\/span>\n\t\t\t\t\t\t\t\t\t<span class=\"kad-hidepostauthortop\"> | <\/span>\n\t\t\t\t\t\t\t\t\t\t\t\t\t\t\t\t\t\t\t\t\t<span class=\"postedintop\" rel=\"tooltip\" data-placement=\"top\" data-original-title=\"Eins\u00e4tze&nbsp;Katastrophenschutz&nbsp;Technical Rescue Team&nbsp;Technischer Einsatz&nbsp;\"><i class=\"icon-folder\"><\/i><\/span>\n\t\t\t\t\t\t\t\t\t\t\t\t\t\t\t\t\t\t\t\t<\/div>\n\t\t\t\t\t\t\t\t<\/header>\n\t\t\t\t\t\t\t\t<div class=\"entry-content\">\n\t\t\t\t\t\t\t\t\t<p>\n\t\t\t\t\t\t\t\t\t\tAm Dienstag, den 15. Juli 2025 heulte um kurz vor 16:00 Uhr die Sirene in unserem Feuerwehrhaus. Nur wenige Minuten davor war ein Gewitter mit Starkregen und kurzzeitig sehr gro\u00dfen Windb\u00f6en durch unser Einsatzgebiet gezogen....\t\t\t\t\t\t\t\t\t\t<a href=\"https:\/\/ff-muehldorf.at\/wordpress\/2025\/07\/15\/aufraeumarbeiten-nach-einem-gewittersturm\/\">\n\t\t\t\t\t\t\t\t\t\t\tweiter...\t\t\t\t\t\t\t\t\t\t<\/a>\n\t\t\t\t\t\t\t\t\t<\/p>\n\t\t\t\t\t\t\t\t<\/div>\n\t\t\t\t\t\t\t\t<footer>\n\t\t\t\t\t\t\t\t<\/footer>\n\t\t\t\t\t\t\t<\/div>\n\t\t\t\t\t\t<\/div>\n\t\t\t\t\t<\/article>\n\t\t\t\t<\/div>\n\t\t\t\t\t\t\t\t\t\t<div class=\"col-md-6 col-sm-6 blog-home-shortcode-single-post clearclass1\">\n\t\t\t\t\t\t\t<article id=\"post-11553\" class=\"post-11553 post type-post status-publish format-standard has-post-thumbnail hentry category-technical-rescue-team category-technische-hilfe category-uebungen tag-einsatzuebung tag-hydraulisches-rettungsgeraet tag-menschenrettung tag-sicherung tag-technische-hilfe tag-technischer-einsatz tag-verkehrsunfall tag-waermebildkamera tag-wohnwagen\">\n\t\t\t\t\t\t\t\t<div class=\"rowtight\">\n\t\t\t\t\t\t\t\t\t\t\t\t\t\t\t\t\t<div class=\"tcol-md-5 tcol-sm-12 tcol-ss-12\">\n\t\t\t\t\t\t\t\t\t\t<div class=\"imghoverclass\">\n\t\t\t\t\t\t\t\t\t\t\t<a href=\"https:\/\/ff-muehldorf.at\/wordpress\/2025\/01\/27\/technische-einsatzuebung-mit-der-ff-goldwoerth\/\" title=\"Technische Einsatz\u00fcbung mit der FF-Goldw\u00f6rth\">\n\t\t\t\t\t\t\t\t\t\t\t\t<div class=\"kt-intrinsic-container kt-intrinsic-container-center\" style=\"max-width:270px\"><div class=\"kt-intrinsic\" style=\"padding-bottom:100%;\"><div itemprop=\"image\" itemscope itemtype=\"https:\/\/schema.org\/ImageObject\"><img loading=\"lazy\" decoding=\"async\" src=\"https:\/\/ff-muehldorf.at\/wordpress\/wp-content\/uploads\/2025\/01\/27\/2025-01-27_gemeinsame-einsatzuebung-mit-der-ff-goldwoerth-32-270x270.jpg\" width=\"270\" height=\"270\" srcset=\"https:\/\/ff-muehldorf.at\/wordpress\/wp-content\/uploads\/2025\/01\/27\/2025-01-27_gemeinsame-einsatzuebung-mit-der-ff-goldwoerth-32-270x270.jpg 270w, https:\/\/ff-muehldorf.at\/wordpress\/wp-content\/uploads\/2025\/01\/27\/2025-01-27_gemeinsame-einsatzuebung-mit-der-ff-goldwoerth-32-150x150.jpg 150w, https:\/\/ff-muehldorf.at\/wordpress\/wp-content\/uploads\/2025\/01\/27\/2025-01-27_gemeinsame-einsatzuebung-mit-der-ff-goldwoerth-32-365x365.jpg 365w, https:\/\/ff-muehldorf.at\/wordpress\/wp-content\/uploads\/2025\/01\/27\/2025-01-27_gemeinsame-einsatzuebung-mit-der-ff-goldwoerth-32-400x400.jpg 400w\" sizes=\"auto, (max-width: 270px) 100vw, 270px\" class=\"iconhover post-excerpt-image\" itemprop=\"contentUrl\" alt=\"\" ><meta itemprop=\"url\" content=\"https:\/\/ff-muehldorf.at\/wordpress\/wp-content\/uploads\/2025\/01\/27\/2025-01-27_gemeinsame-einsatzuebung-mit-der-ff-goldwoerth-32-270x270.jpg\"><meta itemprop=\"width\" content=\"270px\"><meta itemprop=\"height\" content=\"270px\"><\/div><\/div><\/div>\t\t\t\t\t\t\t\t\t\t\t<\/a>\n\t\t\t\t\t\t\t\t\t\t<\/div>\n\t\t\t\t\t\t\t\t\t<\/div>\n\t\t\t\t\t\t\t\t\t\t\t\t\t\t\t\t\t<div class=\"tcol-md-7 tcol-sm-12 tcol-ss-12 postcontent\">\n\t\t\t\t\t\t\t\t\t<div class=\"postmeta color_gray\">\n\t\t\t\t\t\t\t\t\t\t<div class=\"postdate bg-lightgray headerfont\">\n\t\t\t\t\t\t\t\t\t\t\t<span class=\"postday\">27<\/span>\n\t\t\t\t\t\t\t\t\t\t\tJan. 2025\t\t\t\t\t\t\t\t\t\t<\/div>\n\t\t\t\t\t\t\t\t\t<\/div>\n\t\t\t\t\t\t\t\t<header class=\"home_blog_title\">\n\t\t\t\t\t\t\t\t\t<a href=\"https:\/\/ff-muehldorf.at\/wordpress\/2025\/01\/27\/technische-einsatzuebung-mit-der-ff-goldwoerth\/\">\n\t\t\t\t\t\t\t\t\t\t<h5 class=\"entry-title\">Technische Einsatz\u00fcbung mit der FF-Goldw\u00f6rth<\/h5>\n\t\t\t\t\t\t\t\t\t<\/a>\n\t\t\t\t\t\t\t\t\t<div class=\"subhead color_gray\">\n\t\t\t\t\t\t\t\t\t<span class=\"postauthortop\" rel=\"tooltip\" data-placement=\"top\" data-original-title=\"Administrator\">\n\t\t\t\t\t\t\t\t\t\t<i class=\"icon-user\"><\/i>\n\t\t\t\t\t\t\t\t\t<\/span>\n\t\t\t\t\t\t\t\t\t<span class=\"kad-hidepostauthortop\"> | <\/span>\n\t\t\t\t\t\t\t\t\t\t\t\t\t\t\t\t\t\t\t\t\t<span class=\"postedintop\" rel=\"tooltip\" data-placement=\"top\" data-original-title=\"Technical Rescue Team&nbsp;Technische Hilfe&nbsp;\u00dcbungen&nbsp;\"><i class=\"icon-folder\"><\/i><\/span>\n\t\t\t\t\t\t\t\t\t\t\t\t\t\t\t\t\t\t\t\t<\/div>\n\t\t\t\t\t\t\t\t<\/header>\n\t\t\t\t\t\t\t\t<div class=\"entry-content\">\n\t\t\t\t\t\t\t\t\t<p>\n\t\t\t\t\t\t\t\t\t\tAm Montag den 27.01.2025 wurden wir von der FF-Goldw\u00f6rth zu einer gemeinsamen technischen Einsatz\u00fcbung eingeladen. Die \u00dcbung wurde nach einem realen Unfallmeldung abgewickelt wodurch auch die Zeiten f\u00fcr die unterschiedlichen Anfahrtswege in das \u00dcbungsgeschehen eingeflossen...\t\t\t\t\t\t\t\t\t\t<a href=\"https:\/\/ff-muehldorf.at\/wordpress\/2025\/01\/27\/technische-einsatzuebung-mit-der-ff-goldwoerth\/\">\n\t\t\t\t\t\t\t\t\t\t\tweiter...\t\t\t\t\t\t\t\t\t\t<\/a>\n\t\t\t\t\t\t\t\t\t<\/p>\n\t\t\t\t\t\t\t\t<\/div>\n\t\t\t\t\t\t\t\t<footer>\n\t\t\t\t\t\t\t\t<\/footer>\n\t\t\t\t\t\t\t<\/div>\n\t\t\t\t\t\t<\/div>\n\t\t\t\t\t<\/article>\n\t\t\t\t<\/div>\n\t\t\t\t\t\t\t\t\t\t<div class=\"col-md-6 col-sm-6 blog-home-shortcode-single-post clearclass0\">\n\t\t\t\t\t\t\t<article id=\"post-10185\" class=\"post-10185 post type-post status-publish format-standard has-post-thumbnail hentry category-aktivitaeten category-einsaetze category-technical-rescue-team category-technische-hilfe category-technischer-einsatz tag-abschleppunternehmen tag-aschacher-bundesstrasse tag-b131 tag-fahrbahn tag-fahrzeugbergung tag-fahrzeugueberschlag tag-freudenstein tag-menschenrettung tag-schneeglatt\">\n\t\t\t\t\t\t\t\t<div class=\"rowtight\">\n\t\t\t\t\t\t\t\t\t\t\t\t\t\t\t\t\t<div class=\"tcol-md-5 tcol-sm-12 tcol-ss-12\">\n\t\t\t\t\t\t\t\t\t\t<div class=\"imghoverclass\">\n\t\t\t\t\t\t\t\t\t\t\t<a href=\"https:\/\/ff-muehldorf.at\/wordpress\/2023\/12\/01\/menschenrettung-und-fahrzeugbergung-nach-ueberschlag\/\" title=\"Menschenrettung und Fahrzeugbergung nach \u00dcberschlag\">\n\t\t\t\t\t\t\t\t\t\t\t\t<div class=\"kt-intrinsic-container kt-intrinsic-container-center\" style=\"max-width:270px\"><div class=\"kt-intrinsic\" style=\"padding-bottom:100%;\"><div itemprop=\"image\" itemscope itemtype=\"https:\/\/schema.org\/ImageObject\"><img loading=\"lazy\" decoding=\"async\" src=\"https:\/\/ff-muehldorf.at\/wordpress\/wp-content\/uploads\/2023\/12\/02\/2023-12-02_menschenrettung-und-fahrzeugbergung-nach-ueberschlag-270x270.jpg\" width=\"270\" height=\"270\" srcset=\"https:\/\/ff-muehldorf.at\/wordpress\/wp-content\/uploads\/2023\/12\/02\/2023-12-02_menschenrettung-und-fahrzeugbergung-nach-ueberschlag-270x270.jpg 270w, https:\/\/ff-muehldorf.at\/wordpress\/wp-content\/uploads\/2023\/12\/02\/2023-12-02_menschenrettung-und-fahrzeugbergung-nach-ueberschlag-150x150.jpg 150w, https:\/\/ff-muehldorf.at\/wordpress\/wp-content\/uploads\/2023\/12\/02\/2023-12-02_menschenrettung-und-fahrzeugbergung-nach-ueberschlag-400x400.jpg 400w, https:\/\/ff-muehldorf.at\/wordpress\/wp-content\/uploads\/2023\/12\/02\/2023-12-02_menschenrettung-und-fahrzeugbergung-nach-ueberschlag-365x365.jpg 365w\" sizes=\"auto, (max-width: 270px) 100vw, 270px\" class=\"iconhover post-excerpt-image\" itemprop=\"contentUrl\" alt=\"\" ><meta itemprop=\"url\" content=\"https:\/\/ff-muehldorf.at\/wordpress\/wp-content\/uploads\/2023\/12\/02\/2023-12-02_menschenrettung-und-fahrzeugbergung-nach-ueberschlag-270x270.jpg\"><meta itemprop=\"width\" content=\"270px\"><meta itemprop=\"height\" content=\"270px\"><\/div><\/div><\/div>\t\t\t\t\t\t\t\t\t\t\t<\/a>\n\t\t\t\t\t\t\t\t\t\t<\/div>\n\t\t\t\t\t\t\t\t\t<\/div>\n\t\t\t\t\t\t\t\t\t\t\t\t\t\t\t\t\t<div class=\"tcol-md-7 tcol-sm-12 tcol-ss-12 postcontent\">\n\t\t\t\t\t\t\t\t\t<div class=\"postmeta color_gray\">\n\t\t\t\t\t\t\t\t\t\t<div class=\"postdate bg-lightgray headerfont\">\n\t\t\t\t\t\t\t\t\t\t\t<span class=\"postday\">1<\/span>\n\t\t\t\t\t\t\t\t\t\t\tDez. 2023\t\t\t\t\t\t\t\t\t\t<\/div>\n\t\t\t\t\t\t\t\t\t<\/div>\n\t\t\t\t\t\t\t\t<header class=\"home_blog_title\">\n\t\t\t\t\t\t\t\t\t<a href=\"https:\/\/ff-muehldorf.at\/wordpress\/2023\/12\/01\/menschenrettung-und-fahrzeugbergung-nach-ueberschlag\/\">\n\t\t\t\t\t\t\t\t\t\t<h5 class=\"entry-title\">Menschenrettung und Fahrzeugbergung nach \u00dcberschlag<\/h5>\n\t\t\t\t\t\t\t\t\t<\/a>\n\t\t\t\t\t\t\t\t\t<div class=\"subhead color_gray\">\n\t\t\t\t\t\t\t\t\t<span class=\"postauthortop\" rel=\"tooltip\" data-placement=\"top\" data-original-title=\"Administrator\">\n\t\t\t\t\t\t\t\t\t\t<i class=\"icon-user\"><\/i>\n\t\t\t\t\t\t\t\t\t<\/span>\n\t\t\t\t\t\t\t\t\t<span class=\"kad-hidepostauthortop\"> | <\/span>\n\t\t\t\t\t\t\t\t\t\t\t\t\t\t\t\t\t\t\t\t\t<span class=\"postedintop\" rel=\"tooltip\" data-placement=\"top\" data-original-title=\"Aktivit\u00e4ten&nbsp;Eins\u00e4tze&nbsp;Technical Rescue Team&nbsp;Technische Hilfe&nbsp;Technischer Einsatz&nbsp;\"><i class=\"icon-folder\"><\/i><\/span>\n\t\t\t\t\t\t\t\t\t\t\t\t\t\t\t\t\t\t\t\t<\/div>\n\t\t\t\t\t\t\t\t<\/header>\n\t\t\t\t\t\t\t\t<div class=\"entry-content\">\n\t\t\t\t\t\t\t\t\t<p>\n\t\t\t\t\t\t\t\t\t\tAm Freitag dem 1. Dezember 2023 waren wir gerade mit den Vorbereitungen zu unserem Punschstand beim Feuerwehrhaus besch\u00e4ftigt, als um 16:01 Uhr ein PKW-Lenker bei schneeglatter Fahrbahn die Kontrolle \u00fcber sein Fahrzeug verlor, \u00a0\u00fcber einen...\t\t\t\t\t\t\t\t\t\t<a href=\"https:\/\/ff-muehldorf.at\/wordpress\/2023\/12\/01\/menschenrettung-und-fahrzeugbergung-nach-ueberschlag\/\">\n\t\t\t\t\t\t\t\t\t\t\tweiter...\t\t\t\t\t\t\t\t\t\t<\/a>\n\t\t\t\t\t\t\t\t\t<\/p>\n\t\t\t\t\t\t\t\t<\/div>\n\t\t\t\t\t\t\t\t<footer>\n\t\t\t\t\t\t\t\t<\/footer>\n\t\t\t\t\t\t\t<\/div>\n\t\t\t\t\t\t<\/div>\n\t\t\t\t\t<\/article>\n\t\t\t\t<\/div>\n\t\t\t\t\t\t\t\t\t\t<div class=\"col-md-6 col-sm-6 blog-home-shortcode-single-post clearclass1\">\n\t\t\t\t\t\t\t<article id=\"post-9580\" class=\"post-9580 post type-post status-publish format-standard has-post-thumbnail hentry category-aktivitaeten category-technical-rescue-team category-technische-hilfe category-uebungen tag-e-kfz tag-eingeklemmte-person tag-einsatzuebung tag-ff-bad-muehllacken tag-klf-a tag-krf-b tag-personenrettung tag-pkw tag-technische-hilfe tag-traktor\">\n\t\t\t\t\t\t\t\t<div class=\"rowtight\">\n\t\t\t\t\t\t\t\t\t\t\t\t\t\t\t\t\t<div class=\"tcol-md-5 tcol-sm-12 tcol-ss-12\">\n\t\t\t\t\t\t\t\t\t\t<div class=\"imghoverclass\">\n\t\t\t\t\t\t\t\t\t\t\t<a href=\"https:\/\/ff-muehldorf.at\/wordpress\/2023\/04\/05\/gemeinsame-technische-uebung-mit-der-ff-bad-muehllacken\/\" title=\"Gemeinsame technische \u00dcbung mit der FF-Bad M\u00fchllacken\">\n\t\t\t\t\t\t\t\t\t\t\t\t<div class=\"kt-intrinsic-container kt-intrinsic-container-center\" style=\"max-width:270px\"><div class=\"kt-intrinsic\" style=\"padding-bottom:100%;\"><div itemprop=\"image\" itemscope itemtype=\"https:\/\/schema.org\/ImageObject\"><img loading=\"lazy\" decoding=\"async\" src=\"https:\/\/ff-muehldorf.at\/wordpress\/wp-content\/uploads\/2023\/04\/05\/2023-04-05_gemeinsamte-technische-uebung-mit-der-ff-bad-muehllacken-26-270x270.jpg\" width=\"270\" height=\"270\" srcset=\"https:\/\/ff-muehldorf.at\/wordpress\/wp-content\/uploads\/2023\/04\/05\/2023-04-05_gemeinsamte-technische-uebung-mit-der-ff-bad-muehllacken-26-270x270.jpg 270w, https:\/\/ff-muehldorf.at\/wordpress\/wp-content\/uploads\/2023\/04\/05\/2023-04-05_gemeinsamte-technische-uebung-mit-der-ff-bad-muehllacken-26-150x150.jpg 150w, https:\/\/ff-muehldorf.at\/wordpress\/wp-content\/uploads\/2023\/04\/05\/2023-04-05_gemeinsamte-technische-uebung-mit-der-ff-bad-muehllacken-26-400x400.jpg 400w, https:\/\/ff-muehldorf.at\/wordpress\/wp-content\/uploads\/2023\/04\/05\/2023-04-05_gemeinsamte-technische-uebung-mit-der-ff-bad-muehllacken-26-365x365.jpg 365w\" sizes=\"auto, (max-width: 270px) 100vw, 270px\" class=\"iconhover post-excerpt-image\" itemprop=\"contentUrl\" alt=\"\" ><meta itemprop=\"url\" content=\"https:\/\/ff-muehldorf.at\/wordpress\/wp-content\/uploads\/2023\/04\/05\/2023-04-05_gemeinsamte-technische-uebung-mit-der-ff-bad-muehllacken-26-270x270.jpg\"><meta itemprop=\"width\" content=\"270px\"><meta itemprop=\"height\" content=\"270px\"><\/div><\/div><\/div>\t\t\t\t\t\t\t\t\t\t\t<\/a>\n\t\t\t\t\t\t\t\t\t\t<\/div>\n\t\t\t\t\t\t\t\t\t<\/div>\n\t\t\t\t\t\t\t\t\t\t\t\t\t\t\t\t\t<div class=\"tcol-md-7 tcol-sm-12 tcol-ss-12 postcontent\">\n\t\t\t\t\t\t\t\t\t<div class=\"postmeta color_gray\">\n\t\t\t\t\t\t\t\t\t\t<div class=\"postdate bg-lightgray headerfont\">\n\t\t\t\t\t\t\t\t\t\t\t<span class=\"postday\">5<\/span>\n\t\t\t\t\t\t\t\t\t\t\tApr. 2023\t\t\t\t\t\t\t\t\t\t<\/div>\n\t\t\t\t\t\t\t\t\t<\/div>\n\t\t\t\t\t\t\t\t<header class=\"home_blog_title\">\n\t\t\t\t\t\t\t\t\t<a href=\"https:\/\/ff-muehldorf.at\/wordpress\/2023\/04\/05\/gemeinsame-technische-uebung-mit-der-ff-bad-muehllacken\/\">\n\t\t\t\t\t\t\t\t\t\t<h5 class=\"entry-title\">Gemeinsame technische \u00dcbung mit der FF-Bad M\u00fchllacken<\/h5>\n\t\t\t\t\t\t\t\t\t<\/a>\n\t\t\t\t\t\t\t\t\t<div class=\"subhead color_gray\">\n\t\t\t\t\t\t\t\t\t<span class=\"postauthortop\" rel=\"tooltip\" data-placement=\"top\" data-original-title=\"Administrator\">\n\t\t\t\t\t\t\t\t\t\t<i class=\"icon-user\"><\/i>\n\t\t\t\t\t\t\t\t\t<\/span>\n\t\t\t\t\t\t\t\t\t<span class=\"kad-hidepostauthortop\"> | <\/span>\n\t\t\t\t\t\t\t\t\t\t\t\t\t\t\t\t\t\t\t\t\t<span class=\"postedintop\" rel=\"tooltip\" data-placement=\"top\" data-original-title=\"Aktivit\u00e4ten&nbsp;Technical Rescue Team&nbsp;Technische Hilfe&nbsp;\u00dcbungen&nbsp;\"><i class=\"icon-folder\"><\/i><\/span>\n\t\t\t\t\t\t\t\t\t\t\t\t\t\t\t\t\t\t\t\t<\/div>\n\t\t\t\t\t\t\t\t<\/header>\n\t\t\t\t\t\t\t\t<div class=\"entry-content\">\n\t\t\t\t\t\t\t\t\t<p>\n\t\t\t\t\t\t\t\t\t\tAm Mittwoch den 05. April 2023 stand eine technische Einsatz\u00fcbung mit unserer Nachbarfeuerwehr, der FF-Bad M\u00fchllacken am \u00dcbungskalender. Als \u00dcbungsgeschehen wurde ein dem Ernstfall nachempfundener Verkehrsunfall mit eingeschlossenen Personen ausgew\u00e4hlt. Die Anfahrt der Einsatzfahrzeuge erfolgte...\t\t\t\t\t\t\t\t\t\t<a href=\"https:\/\/ff-muehldorf.at\/wordpress\/2023\/04\/05\/gemeinsame-technische-uebung-mit-der-ff-bad-muehllacken\/\">\n\t\t\t\t\t\t\t\t\t\t\tweiter...\t\t\t\t\t\t\t\t\t\t<\/a>\n\t\t\t\t\t\t\t\t\t<\/p>\n\t\t\t\t\t\t\t\t<\/div>\n\t\t\t\t\t\t\t\t<footer>\n\t\t\t\t\t\t\t\t<\/footer>\n\t\t\t\t\t\t\t<\/div>\n\t\t\t\t\t\t<\/div>\n\t\t\t\t\t<\/article>\n\t\t\t\t<\/div>\n\t\t\t\t\t\t\t\t\t\t<div class=\"col-md-6 col-sm-6 blog-home-shortcode-single-post clearclass0\">\n\t\t\t\t\t\t\t<article id=\"post-9526\" class=\"post-9526 post type-post status-publish format-standard has-post-thumbnail hentry category-aktivitaeten category-technical-rescue-team category-technische-hilfe category-uebungen tag-einsatzuebung tag-fahrzeugueberschlag tag-hydraulisches-rettungsgeraet tag-kfz tag-menschenrettung tag-technische-hilfe tag-technischer-einsatz tag-uhps\">\n\t\t\t\t\t\t\t\t<div class=\"rowtight\">\n\t\t\t\t\t\t\t\t\t\t\t\t\t\t\t\t\t<div class=\"tcol-md-5 tcol-sm-12 tcol-ss-12\">\n\t\t\t\t\t\t\t\t\t\t<div class=\"imghoverclass\">\n\t\t\t\t\t\t\t\t\t\t\t<a href=\"https:\/\/ff-muehldorf.at\/wordpress\/2023\/03\/22\/technische-einsatzuebung-verkehrsunfall\/\" title=\"Technische Einsatz\u00fcbung &#8211; Verkehrsunfall\">\n\t\t\t\t\t\t\t\t\t\t\t\t<div class=\"kt-intrinsic-container kt-intrinsic-container-center\" style=\"max-width:270px\"><div class=\"kt-intrinsic\" style=\"padding-bottom:100%;\"><div itemprop=\"image\" itemscope itemtype=\"https:\/\/schema.org\/ImageObject\"><img loading=\"lazy\" decoding=\"async\" src=\"https:\/\/ff-muehldorf.at\/wordpress\/wp-content\/uploads\/2023\/03\/22\/2023-03-22_technische-einsatzuebung-verkehrsunfall-24-270x270.jpg\" width=\"270\" height=\"270\" srcset=\"https:\/\/ff-muehldorf.at\/wordpress\/wp-content\/uploads\/2023\/03\/22\/2023-03-22_technische-einsatzuebung-verkehrsunfall-24-270x270.jpg 270w, https:\/\/ff-muehldorf.at\/wordpress\/wp-content\/uploads\/2023\/03\/22\/2023-03-22_technische-einsatzuebung-verkehrsunfall-24-150x150.jpg 150w, https:\/\/ff-muehldorf.at\/wordpress\/wp-content\/uploads\/2023\/03\/22\/2023-03-22_technische-einsatzuebung-verkehrsunfall-24-400x400.jpg 400w, https:\/\/ff-muehldorf.at\/wordpress\/wp-content\/uploads\/2023\/03\/22\/2023-03-22_technische-einsatzuebung-verkehrsunfall-24-365x365.jpg 365w\" sizes=\"auto, (max-width: 270px) 100vw, 270px\" class=\"iconhover post-excerpt-image\" itemprop=\"contentUrl\" alt=\"\" ><meta itemprop=\"url\" content=\"https:\/\/ff-muehldorf.at\/wordpress\/wp-content\/uploads\/2023\/03\/22\/2023-03-22_technische-einsatzuebung-verkehrsunfall-24-270x270.jpg\"><meta itemprop=\"width\" content=\"270px\"><meta itemprop=\"height\" content=\"270px\"><\/div><\/div><\/div>\t\t\t\t\t\t\t\t\t\t\t<\/a>\n\t\t\t\t\t\t\t\t\t\t<\/div>\n\t\t\t\t\t\t\t\t\t<\/div>\n\t\t\t\t\t\t\t\t\t\t\t\t\t\t\t\t\t<div class=\"tcol-md-7 tcol-sm-12 tcol-ss-12 postcontent\">\n\t\t\t\t\t\t\t\t\t<div class=\"postmeta color_gray\">\n\t\t\t\t\t\t\t\t\t\t<div class=\"postdate bg-lightgray headerfont\">\n\t\t\t\t\t\t\t\t\t\t\t<span class=\"postday\">22<\/span>\n\t\t\t\t\t\t\t\t\t\t\tM\u00e4rz 2023\t\t\t\t\t\t\t\t\t\t<\/div>\n\t\t\t\t\t\t\t\t\t<\/div>\n\t\t\t\t\t\t\t\t<header class=\"home_blog_title\">\n\t\t\t\t\t\t\t\t\t<a href=\"https:\/\/ff-muehldorf.at\/wordpress\/2023\/03\/22\/technische-einsatzuebung-verkehrsunfall\/\">\n\t\t\t\t\t\t\t\t\t\t<h5 class=\"entry-title\">Technische Einsatz\u00fcbung &#8211; Verkehrsunfall<\/h5>\n\t\t\t\t\t\t\t\t\t<\/a>\n\t\t\t\t\t\t\t\t\t<div class=\"subhead color_gray\">\n\t\t\t\t\t\t\t\t\t<span class=\"postauthortop\" rel=\"tooltip\" data-placement=\"top\" data-original-title=\"Administrator\">\n\t\t\t\t\t\t\t\t\t\t<i class=\"icon-user\"><\/i>\n\t\t\t\t\t\t\t\t\t<\/span>\n\t\t\t\t\t\t\t\t\t<span class=\"kad-hidepostauthortop\"> | <\/span>\n\t\t\t\t\t\t\t\t\t\t\t\t\t\t\t\t\t\t\t\t\t<span class=\"postedintop\" rel=\"tooltip\" data-placement=\"top\" data-original-title=\"Aktivit\u00e4ten&nbsp;Technical Rescue Team&nbsp;Technische Hilfe&nbsp;\u00dcbungen&nbsp;\"><i class=\"icon-folder\"><\/i><\/span>\n\t\t\t\t\t\t\t\t\t\t\t\t\t\t\t\t\t\t\t\t<\/div>\n\t\t\t\t\t\t\t\t<\/header>\n\t\t\t\t\t\t\t\t<div class=\"entry-content\">\n\t\t\t\t\t\t\t\t\t<p>\n\t\t\t\t\t\t\t\t\t\tAm Mittwoch den 22. M\u00e4rz 2023 wurde bei unserer monatlichen Gruppen\u00fcbung das Thema &#8222;Einsatz\u00fcbung Technischer Einsatz &#8211; Verkehrsunfall&#8220; be\u00fcbt. Beim fiktiven Einsatz wurde ein \u00dcberschlag eines PKW simuliert, ein zweiter nachkommender PKW fuhr auf dem...\t\t\t\t\t\t\t\t\t\t<a href=\"https:\/\/ff-muehldorf.at\/wordpress\/2023\/03\/22\/technische-einsatzuebung-verkehrsunfall\/\">\n\t\t\t\t\t\t\t\t\t\t\tweiter...\t\t\t\t\t\t\t\t\t\t<\/a>\n\t\t\t\t\t\t\t\t\t<\/p>\n\t\t\t\t\t\t\t\t<\/div>\n\t\t\t\t\t\t\t\t<footer>\n\t\t\t\t\t\t\t\t<\/footer>\n\t\t\t\t\t\t\t<\/div>\n\t\t\t\t\t\t<\/div>\n\t\t\t\t\t<\/article>\n\t\t\t\t<\/div>\n\t\t\t\t\t\t\t\t\t\t<div class=\"col-md-6 col-sm-6 blog-home-shortcode-single-post clearclass1\">\n\t\t\t\t\t\t\t<article id=\"post-8608\" class=\"post-8608 post type-post status-publish format-standard has-post-thumbnail hentry category-aktivitaeten category-technical-rescue-team category-technische-hilfe category-uebungen tag-eingeklemmte-person tag-gruppenuebung tag-hydraulisches-rettungsgeraet tag-menschenrettung tag-muehldorf tag-verkehrsunfall\">\n\t\t\t\t\t\t\t\t<div class=\"rowtight\">\n\t\t\t\t\t\t\t\t\t\t\t\t\t\t\t\t\t<div class=\"tcol-md-5 tcol-sm-12 tcol-ss-12\">\n\t\t\t\t\t\t\t\t\t\t<div class=\"imghoverclass\">\n\t\t\t\t\t\t\t\t\t\t\t<a href=\"https:\/\/ff-muehldorf.at\/wordpress\/2022\/04\/06\/technische-uebung-verkehrsunfall-mit-eingeklemmter-person\/\" title=\"Technische \u00dcbung: Verkehrsunfall mit eingeklemmter Person\">\n\t\t\t\t\t\t\t\t\t\t\t\t<div class=\"kt-intrinsic-container kt-intrinsic-container-center\" style=\"max-width:270px\"><div class=\"kt-intrinsic\" style=\"padding-bottom:100%;\"><div itemprop=\"image\" itemscope itemtype=\"https:\/\/schema.org\/ImageObject\"><img loading=\"lazy\" decoding=\"async\" src=\"https:\/\/ff-muehldorf.at\/wordpress\/wp-content\/uploads\/2022\/04\/06\/2022-04-06_technische-uebung-verkehrsunfall-mit-eingeklemmter-person-29-270x270.jpg\" width=\"270\" height=\"270\" srcset=\"https:\/\/ff-muehldorf.at\/wordpress\/wp-content\/uploads\/2022\/04\/06\/2022-04-06_technische-uebung-verkehrsunfall-mit-eingeklemmter-person-29-270x270.jpg 270w, https:\/\/ff-muehldorf.at\/wordpress\/wp-content\/uploads\/2022\/04\/06\/2022-04-06_technische-uebung-verkehrsunfall-mit-eingeklemmter-person-29-150x150.jpg 150w, https:\/\/ff-muehldorf.at\/wordpress\/wp-content\/uploads\/2022\/04\/06\/2022-04-06_technische-uebung-verkehrsunfall-mit-eingeklemmter-person-29-400x400.jpg 400w, https:\/\/ff-muehldorf.at\/wordpress\/wp-content\/uploads\/2022\/04\/06\/2022-04-06_technische-uebung-verkehrsunfall-mit-eingeklemmter-person-29-365x365.jpg 365w\" sizes=\"auto, (max-width: 270px) 100vw, 270px\" class=\"iconhover post-excerpt-image\" itemprop=\"contentUrl\" alt=\"\" ><meta itemprop=\"url\" content=\"https:\/\/ff-muehldorf.at\/wordpress\/wp-content\/uploads\/2022\/04\/06\/2022-04-06_technische-uebung-verkehrsunfall-mit-eingeklemmter-person-29-270x270.jpg\"><meta itemprop=\"width\" content=\"270px\"><meta itemprop=\"height\" content=\"270px\"><\/div><\/div><\/div>\t\t\t\t\t\t\t\t\t\t\t<\/a>\n\t\t\t\t\t\t\t\t\t\t<\/div>\n\t\t\t\t\t\t\t\t\t<\/div>\n\t\t\t\t\t\t\t\t\t\t\t\t\t\t\t\t\t<div class=\"tcol-md-7 tcol-sm-12 tcol-ss-12 postcontent\">\n\t\t\t\t\t\t\t\t\t<div class=\"postmeta color_gray\">\n\t\t\t\t\t\t\t\t\t\t<div class=\"postdate bg-lightgray headerfont\">\n\t\t\t\t\t\t\t\t\t\t\t<span class=\"postday\">6<\/span>\n\t\t\t\t\t\t\t\t\t\t\tApr. 2022\t\t\t\t\t\t\t\t\t\t<\/div>\n\t\t\t\t\t\t\t\t\t<\/div>\n\t\t\t\t\t\t\t\t<header class=\"home_blog_title\">\n\t\t\t\t\t\t\t\t\t<a href=\"https:\/\/ff-muehldorf.at\/wordpress\/2022\/04\/06\/technische-uebung-verkehrsunfall-mit-eingeklemmter-person\/\">\n\t\t\t\t\t\t\t\t\t\t<h5 class=\"entry-title\">Technische \u00dcbung: Verkehrsunfall mit eingeklemmter Person<\/h5>\n\t\t\t\t\t\t\t\t\t<\/a>\n\t\t\t\t\t\t\t\t\t<div class=\"subhead color_gray\">\n\t\t\t\t\t\t\t\t\t<span class=\"postauthortop\" rel=\"tooltip\" data-placement=\"top\" data-original-title=\"Administrator\">\n\t\t\t\t\t\t\t\t\t\t<i class=\"icon-user\"><\/i>\n\t\t\t\t\t\t\t\t\t<\/span>\n\t\t\t\t\t\t\t\t\t<span class=\"kad-hidepostauthortop\"> | <\/span>\n\t\t\t\t\t\t\t\t\t\t\t\t\t\t\t\t\t\t\t\t\t<span class=\"postedintop\" rel=\"tooltip\" data-placement=\"top\" data-original-title=\"Aktivit\u00e4ten&nbsp;Technical Rescue Team&nbsp;Technische Hilfe&nbsp;\u00dcbungen&nbsp;\"><i class=\"icon-folder\"><\/i><\/span>\n\t\t\t\t\t\t\t\t\t\t\t\t\t\t\t\t\t\t\t\t<\/div>\n\t\t\t\t\t\t\t\t<\/header>\n\t\t\t\t\t\t\t\t<div class=\"entry-content\">\n\t\t\t\t\t\t\t\t\t<p>\n\t\t\t\t\t\t\t\t\t\tAm Mittwoch den 06. April 2022 wurde im Rahmen der monatlichen Gruppen\u00fcbung, ein Verkehrsunfall mit einem PKW und einem Traktor als Szenario nachgestellt. Als \u00dcbungslokation wurde die Goldw\u00f6rther Landesstra\u00dfe und das Gel\u00e4nde des M\u00fchldorfer Weihers...\t\t\t\t\t\t\t\t\t\t<a href=\"https:\/\/ff-muehldorf.at\/wordpress\/2022\/04\/06\/technische-uebung-verkehrsunfall-mit-eingeklemmter-person\/\">\n\t\t\t\t\t\t\t\t\t\t\tweiter...\t\t\t\t\t\t\t\t\t\t<\/a>\n\t\t\t\t\t\t\t\t\t<\/p>\n\t\t\t\t\t\t\t\t<\/div>\n\t\t\t\t\t\t\t\t<footer>\n\t\t\t\t\t\t\t\t<\/footer>\n\t\t\t\t\t\t\t<\/div>\n\t\t\t\t\t\t<\/div>\n\t\t\t\t\t<\/article>\n\t\t\t\t<\/div>\n\t\t\t\t\t\t\t\t\t\t<div class=\"col-md-6 col-sm-6 blog-home-shortcode-single-post clearclass0\">\n\t\t\t\t\t\t\t<article id=\"post-7736\" class=\"post-7736 post type-post status-publish format-standard has-post-thumbnail hentry category-einsaetze category-katastrophenschutz category-technical-rescue-team category-technischer-einsatz tag-baumstaemme tag-muehldorf tag-pesenbach tag-treibholz tag-verklausung tag-wurzelstoecke\">\n\t\t\t\t\t\t\t\t<div class=\"rowtight\">\n\t\t\t\t\t\t\t\t\t\t\t\t\t\t\t\t\t<div class=\"tcol-md-5 tcol-sm-12 tcol-ss-12\">\n\t\t\t\t\t\t\t\t\t\t<div class=\"imghoverclass\">\n\t\t\t\t\t\t\t\t\t\t\t<a href=\"https:\/\/ff-muehldorf.at\/wordpress\/2021\/01\/31\/verklausung-im-bereich-muehldorf-beseitigt\/\" title=\"Verklausung im Bereich M\u00fchldorf beseitigt\">\n\t\t\t\t\t\t\t\t\t\t\t\t<div class=\"kt-intrinsic-container kt-intrinsic-container-center\" style=\"max-width:270px\"><div class=\"kt-intrinsic\" style=\"padding-bottom:100%;\"><div itemprop=\"image\" itemscope itemtype=\"https:\/\/schema.org\/ImageObject\"><img loading=\"lazy\" decoding=\"async\" src=\"https:\/\/ff-muehldorf.at\/wordpress\/wp-content\/uploads\/2021\/01\/31\/2021-01-31_verklausung-im-bereich-muehldorf-beseitigt-17-270x270.jpg\" width=\"270\" height=\"270\" srcset=\"https:\/\/ff-muehldorf.at\/wordpress\/wp-content\/uploads\/2021\/01\/31\/2021-01-31_verklausung-im-bereich-muehldorf-beseitigt-17-270x270.jpg 270w, https:\/\/ff-muehldorf.at\/wordpress\/wp-content\/uploads\/2021\/01\/31\/2021-01-31_verklausung-im-bereich-muehldorf-beseitigt-17-150x150.jpg 150w, https:\/\/ff-muehldorf.at\/wordpress\/wp-content\/uploads\/2021\/01\/31\/2021-01-31_verklausung-im-bereich-muehldorf-beseitigt-17-400x400.jpg 400w, https:\/\/ff-muehldorf.at\/wordpress\/wp-content\/uploads\/2021\/01\/31\/2021-01-31_verklausung-im-bereich-muehldorf-beseitigt-17-365x365.jpg 365w\" sizes=\"auto, (max-width: 270px) 100vw, 270px\" class=\"iconhover post-excerpt-image\" itemprop=\"contentUrl\" alt=\"\" ><meta itemprop=\"url\" content=\"https:\/\/ff-muehldorf.at\/wordpress\/wp-content\/uploads\/2021\/01\/31\/2021-01-31_verklausung-im-bereich-muehldorf-beseitigt-17-270x270.jpg\"><meta itemprop=\"width\" content=\"270px\"><meta itemprop=\"height\" content=\"270px\"><\/div><\/div><\/div>\t\t\t\t\t\t\t\t\t\t\t<\/a>\n\t\t\t\t\t\t\t\t\t\t<\/div>\n\t\t\t\t\t\t\t\t\t<\/div>\n\t\t\t\t\t\t\t\t\t\t\t\t\t\t\t\t\t<div class=\"tcol-md-7 tcol-sm-12 tcol-ss-12 postcontent\">\n\t\t\t\t\t\t\t\t\t<div class=\"postmeta color_gray\">\n\t\t\t\t\t\t\t\t\t\t<div class=\"postdate bg-lightgray headerfont\">\n\t\t\t\t\t\t\t\t\t\t\t<span class=\"postday\">31<\/span>\n\t\t\t\t\t\t\t\t\t\t\tJan. 2021\t\t\t\t\t\t\t\t\t\t<\/div>\n\t\t\t\t\t\t\t\t\t<\/div>\n\t\t\t\t\t\t\t\t<header class=\"home_blog_title\">\n\t\t\t\t\t\t\t\t\t<a href=\"https:\/\/ff-muehldorf.at\/wordpress\/2021\/01\/31\/verklausung-im-bereich-muehldorf-beseitigt\/\">\n\t\t\t\t\t\t\t\t\t\t<h5 class=\"entry-title\">Verklausung im Bereich M\u00fchldorf beseitigt<\/h5>\n\t\t\t\t\t\t\t\t\t<\/a>\n\t\t\t\t\t\t\t\t\t<div class=\"subhead color_gray\">\n\t\t\t\t\t\t\t\t\t<span class=\"postauthortop\" rel=\"tooltip\" data-placement=\"top\" data-original-title=\"Administrator\">\n\t\t\t\t\t\t\t\t\t\t<i class=\"icon-user\"><\/i>\n\t\t\t\t\t\t\t\t\t<\/span>\n\t\t\t\t\t\t\t\t\t<span class=\"kad-hidepostauthortop\"> | <\/span>\n\t\t\t\t\t\t\t\t\t\t\t\t\t\t\t\t\t\t\t\t\t<span class=\"postedintop\" rel=\"tooltip\" data-placement=\"top\" data-original-title=\"Eins\u00e4tze&nbsp;Katastrophenschutz&nbsp;Technical Rescue Team&nbsp;Technischer Einsatz&nbsp;\"><i class=\"icon-folder\"><\/i><\/span>\n\t\t\t\t\t\t\t\t\t\t\t\t\t\t\t\t\t\t\t\t<\/div>\n\t\t\t\t\t\t\t\t<\/header>\n\t\t\t\t\t\t\t\t<div class=\"entry-content\">\n\t\t\t\t\t\t\t\t\t<p>\n\t\t\t\t\t\t\t\t\t\tDer Pesenbach, einer der gr\u00f6\u00dften B\u00e4che in unserem Einsatzgebiet, war in den letzten Tagen vor allem durch die warme Witterung, den Regen und die Schneeschmelze in seinem Einzugsgebiet sehr stark gefordert, um die entstandenen Wassermengen...\t\t\t\t\t\t\t\t\t\t<a href=\"https:\/\/ff-muehldorf.at\/wordpress\/2021\/01\/31\/verklausung-im-bereich-muehldorf-beseitigt\/\">\n\t\t\t\t\t\t\t\t\t\t\tweiter...\t\t\t\t\t\t\t\t\t\t<\/a>\n\t\t\t\t\t\t\t\t\t<\/p>\n\t\t\t\t\t\t\t\t<\/div>\n\t\t\t\t\t\t\t\t<footer>\n\t\t\t\t\t\t\t\t<\/footer>\n\t\t\t\t\t\t\t<\/div>\n\t\t\t\t\t\t<\/div>\n\t\t\t\t\t<\/article>\n\t\t\t\t<\/div>\n\t\t\t\t\t\t\t\t\t\t<div class=\"col-md-6 col-sm-6 blog-home-shortcode-single-post clearclass1\">\n\t\t\t\t\t\t\t<article id=\"post-7580\" class=\"post-7580 post type-post status-publish format-standard has-post-thumbnail hentry category-einsaetze category-feuerwehr-medizinischer-dienst category-technical-rescue-team category-technischer-einsatz tag-dach tag-ff-muehldorf tag-lebensrettend tag-notarzt tag-personenrettung tag-reanimation tag-rotes-kreuz tag-sofortmassnahmen\">\n\t\t\t\t\t\t\t\t<div class=\"rowtight\">\n\t\t\t\t\t\t\t\t\t\t\t\t\t\t\t\t\t<div class=\"tcol-md-5 tcol-sm-12 tcol-ss-12\">\n\t\t\t\t\t\t\t\t\t\t<div class=\"imghoverclass\">\n\t\t\t\t\t\t\t\t\t\t\t<a href=\"https:\/\/ff-muehldorf.at\/wordpress\/2020\/10\/12\/alarmierung-zu-einer-personenrettung-in-pesenbach\/\" title=\"Alarmierung zu einer Personenrettung in Pesenbach\">\n\t\t\t\t\t\t\t\t\t\t\t\t<div class=\"kt-intrinsic-container kt-intrinsic-container-center\" style=\"max-width:270px\"><div class=\"kt-intrinsic\" style=\"padding-bottom:100%;\"><div itemprop=\"image\" itemscope itemtype=\"https:\/\/schema.org\/ImageObject\"><img loading=\"lazy\" decoding=\"async\" src=\"https:\/\/ff-muehldorf.at\/wordpress\/wp-content\/uploads\/2020\/10\/12\/2020-10-12_alarmierung-zu-einer-personenrettung-in-pesenbach-15-270x270.jpg\" width=\"270\" height=\"270\" srcset=\"https:\/\/ff-muehldorf.at\/wordpress\/wp-content\/uploads\/2020\/10\/12\/2020-10-12_alarmierung-zu-einer-personenrettung-in-pesenbach-15-270x270.jpg 270w, https:\/\/ff-muehldorf.at\/wordpress\/wp-content\/uploads\/2020\/10\/12\/2020-10-12_alarmierung-zu-einer-personenrettung-in-pesenbach-15-150x150.jpg 150w, https:\/\/ff-muehldorf.at\/wordpress\/wp-content\/uploads\/2020\/10\/12\/2020-10-12_alarmierung-zu-einer-personenrettung-in-pesenbach-15-365x365.jpg 365w, https:\/\/ff-muehldorf.at\/wordpress\/wp-content\/uploads\/2020\/10\/12\/2020-10-12_alarmierung-zu-einer-personenrettung-in-pesenbach-15-400x400.jpg 400w\" sizes=\"auto, (max-width: 270px) 100vw, 270px\" class=\"iconhover post-excerpt-image\" itemprop=\"contentUrl\" alt=\"\" ><meta itemprop=\"url\" content=\"https:\/\/ff-muehldorf.at\/wordpress\/wp-content\/uploads\/2020\/10\/12\/2020-10-12_alarmierung-zu-einer-personenrettung-in-pesenbach-15-270x270.jpg\"><meta itemprop=\"width\" content=\"270px\"><meta itemprop=\"height\" content=\"270px\"><\/div><\/div><\/div>\t\t\t\t\t\t\t\t\t\t\t<\/a>\n\t\t\t\t\t\t\t\t\t\t<\/div>\n\t\t\t\t\t\t\t\t\t<\/div>\n\t\t\t\t\t\t\t\t\t\t\t\t\t\t\t\t\t<div class=\"tcol-md-7 tcol-sm-12 tcol-ss-12 postcontent\">\n\t\t\t\t\t\t\t\t\t<div class=\"postmeta color_gray\">\n\t\t\t\t\t\t\t\t\t\t<div class=\"postdate bg-lightgray headerfont\">\n\t\t\t\t\t\t\t\t\t\t\t<span class=\"postday\">12<\/span>\n\t\t\t\t\t\t\t\t\t\t\tOkt. 2020\t\t\t\t\t\t\t\t\t\t<\/div>\n\t\t\t\t\t\t\t\t\t<\/div>\n\t\t\t\t\t\t\t\t<header class=\"home_blog_title\">\n\t\t\t\t\t\t\t\t\t<a href=\"https:\/\/ff-muehldorf.at\/wordpress\/2020\/10\/12\/alarmierung-zu-einer-personenrettung-in-pesenbach\/\">\n\t\t\t\t\t\t\t\t\t\t<h5 class=\"entry-title\">Alarmierung zu einer Personenrettung in Pesenbach<\/h5>\n\t\t\t\t\t\t\t\t\t<\/a>\n\t\t\t\t\t\t\t\t\t<div class=\"subhead color_gray\">\n\t\t\t\t\t\t\t\t\t<span class=\"postauthortop\" rel=\"tooltip\" data-placement=\"top\" data-original-title=\"Administrator\">\n\t\t\t\t\t\t\t\t\t\t<i class=\"icon-user\"><\/i>\n\t\t\t\t\t\t\t\t\t<\/span>\n\t\t\t\t\t\t\t\t\t<span class=\"kad-hidepostauthortop\"> | <\/span>\n\t\t\t\t\t\t\t\t\t\t\t\t\t\t\t\t\t\t\t\t\t<span class=\"postedintop\" rel=\"tooltip\" data-placement=\"top\" data-original-title=\"Eins\u00e4tze&nbsp;Feuerwehr Medizinischer Dienst&nbsp;Technical Rescue Team&nbsp;Technischer Einsatz&nbsp;\"><i class=\"icon-folder\"><\/i><\/span>\n\t\t\t\t\t\t\t\t\t\t\t\t\t\t\t\t\t\t\t\t<\/div>\n\t\t\t\t\t\t\t\t<\/header>\n\t\t\t\t\t\t\t\t<div class=\"entry-content\">\n\t\t\t\t\t\t\t\t\t<p>\n\t\t\t\t\t\t\t\t\t\tAm Abend vom Montag den 12. Oktober 2020 wurde unsere Feuerwehr zu einer Personenrettung in die Ortschaft Pesenbach gerufen. Der Eigent\u00fcmer eines Landwirtschaftlichen Objektes war auf einer \u00dcberdachung eines Holzsto\u00dfes, an der er Wartungst\u00e4tigkeiten ausf\u00fchren...\t\t\t\t\t\t\t\t\t\t<a href=\"https:\/\/ff-muehldorf.at\/wordpress\/2020\/10\/12\/alarmierung-zu-einer-personenrettung-in-pesenbach\/\">\n\t\t\t\t\t\t\t\t\t\t\tweiter...\t\t\t\t\t\t\t\t\t\t<\/a>\n\t\t\t\t\t\t\t\t\t<\/p>\n\t\t\t\t\t\t\t\t<\/div>\n\t\t\t\t\t\t\t\t<footer>\n\t\t\t\t\t\t\t\t<\/footer>\n\t\t\t\t\t\t\t<\/div>\n\t\t\t\t\t\t<\/div>\n\t\t\t\t\t<\/article>\n\t\t\t\t<\/div>\n\t\t\t\t\t\t\t\t\t\t<div class=\"col-md-6 col-sm-6 blog-home-shortcode-single-post clearclass0\">\n\t\t\t\t\t\t\t<article id=\"post-6959\" class=\"post-6959 post type-post status-publish format-standard has-post-thumbnail hentry category-aktivitaeten category-bewerbe-aktivitaeten category-technical-rescue-team category-technische-hilfe tag-ff-rohrbach tag-menschenrettung tag-patientengerecht tag-technical-rescue-team tag-technische-hilfe tag-thl-tage tag-trt\">\n\t\t\t\t\t\t\t\t<div class=\"rowtight\">\n\t\t\t\t\t\t\t\t\t\t\t\t\t\t\t\t\t<div class=\"tcol-md-5 tcol-sm-12 tcol-ss-12\">\n\t\t\t\t\t\t\t\t\t\t<div class=\"imghoverclass\">\n\t\t\t\t\t\t\t\t\t\t\t<a href=\"https:\/\/ff-muehldorf.at\/wordpress\/2019\/09\/21\/trt-muehldorf-bei-den-oesterreichischen-thl-tagen-2019\/\" title=\"TRT-M\u00fchldorf bei den \u00f6sterreichischen THL-Tagen 2019\">\n\t\t\t\t\t\t\t\t\t\t\t\t<div class=\"kt-intrinsic-container kt-intrinsic-container-center\" style=\"max-width:270px\"><div class=\"kt-intrinsic\" style=\"padding-bottom:100%;\"><div itemprop=\"image\" itemscope itemtype=\"https:\/\/schema.org\/ImageObject\"><img loading=\"lazy\" decoding=\"async\" src=\"https:\/\/ff-muehldorf.at\/wordpress\/wp-content\/uploads\/2019\/09\/21\/2019-09-21_trt-muehldorf-bei-den-oesterreichischen-thl-tagen-in-rohrbach-270x270.png\" width=\"270\" height=\"270\" srcset=\"https:\/\/ff-muehldorf.at\/wordpress\/wp-content\/uploads\/2019\/09\/21\/2019-09-21_trt-muehldorf-bei-den-oesterreichischen-thl-tagen-in-rohrbach-270x270.png 270w, https:\/\/ff-muehldorf.at\/wordpress\/wp-content\/uploads\/2019\/09\/21\/2019-09-21_trt-muehldorf-bei-den-oesterreichischen-thl-tagen-in-rohrbach-150x150.png 150w, https:\/\/ff-muehldorf.at\/wordpress\/wp-content\/uploads\/2019\/09\/21\/2019-09-21_trt-muehldorf-bei-den-oesterreichischen-thl-tagen-in-rohrbach-400x400.png 400w, https:\/\/ff-muehldorf.at\/wordpress\/wp-content\/uploads\/2019\/09\/21\/2019-09-21_trt-muehldorf-bei-den-oesterreichischen-thl-tagen-in-rohrbach-365x365.png 365w\" sizes=\"auto, (max-width: 270px) 100vw, 270px\" class=\"iconhover post-excerpt-image\" itemprop=\"contentUrl\" alt=\"\" ><meta itemprop=\"url\" content=\"https:\/\/ff-muehldorf.at\/wordpress\/wp-content\/uploads\/2019\/09\/21\/2019-09-21_trt-muehldorf-bei-den-oesterreichischen-thl-tagen-in-rohrbach-270x270.png\"><meta itemprop=\"width\" content=\"270px\"><meta itemprop=\"height\" content=\"270px\"><\/div><\/div><\/div>\t\t\t\t\t\t\t\t\t\t\t<\/a>\n\t\t\t\t\t\t\t\t\t\t<\/div>\n\t\t\t\t\t\t\t\t\t<\/div>\n\t\t\t\t\t\t\t\t\t\t\t\t\t\t\t\t\t<div class=\"tcol-md-7 tcol-sm-12 tcol-ss-12 postcontent\">\n\t\t\t\t\t\t\t\t\t<div class=\"postmeta color_gray\">\n\t\t\t\t\t\t\t\t\t\t<div class=\"postdate bg-lightgray headerfont\">\n\t\t\t\t\t\t\t\t\t\t\t<span class=\"postday\">21<\/span>\n\t\t\t\t\t\t\t\t\t\t\tSep. 2019\t\t\t\t\t\t\t\t\t\t<\/div>\n\t\t\t\t\t\t\t\t\t<\/div>\n\t\t\t\t\t\t\t\t<header class=\"home_blog_title\">\n\t\t\t\t\t\t\t\t\t<a href=\"https:\/\/ff-muehldorf.at\/wordpress\/2019\/09\/21\/trt-muehldorf-bei-den-oesterreichischen-thl-tagen-2019\/\">\n\t\t\t\t\t\t\t\t\t\t<h5 class=\"entry-title\">TRT-M\u00fchldorf bei den \u00f6sterreichischen THL-Tagen 2019<\/h5>\n\t\t\t\t\t\t\t\t\t<\/a>\n\t\t\t\t\t\t\t\t\t<div class=\"subhead color_gray\">\n\t\t\t\t\t\t\t\t\t<span class=\"postauthortop\" rel=\"tooltip\" data-placement=\"top\" data-original-title=\"Administrator\">\n\t\t\t\t\t\t\t\t\t\t<i class=\"icon-user\"><\/i>\n\t\t\t\t\t\t\t\t\t<\/span>\n\t\t\t\t\t\t\t\t\t<span class=\"kad-hidepostauthortop\"> | <\/span>\n\t\t\t\t\t\t\t\t\t\t\t\t\t\t\t\t\t\t\t\t\t<span class=\"postedintop\" rel=\"tooltip\" data-placement=\"top\" data-original-title=\"Aktivit\u00e4ten&nbsp;Bewerbe&nbsp;Technical Rescue Team&nbsp;Technische Hilfe&nbsp;\"><i class=\"icon-folder\"><\/i><\/span>\n\t\t\t\t\t\t\t\t\t\t\t\t\t\t\t\t\t\t\t\t<\/div>\n\t\t\t\t\t\t\t\t<\/header>\n\t\t\t\t\t\t\t\t<div class=\"entry-content\">\n\t\t\t\t\t\t\t\t\t<p>\n\t\t\t\t\t\t\t\t\t\tAm 20. und 21. September 2019 stellten sich 41 \u201eTechnical Rescue Teams\u201c (TRT) aus f\u00fcnf \u00f6sterreichischen Bundesl\u00e4ndern sowie jeweils zwei Teams aus Deutschland und Tschechien der Herausforderung \u201eTechnische Hilfeleistung\u201c (THL). Auch aus dem Bezirk Urfahr-Umgebung...\t\t\t\t\t\t\t\t\t\t<a href=\"https:\/\/ff-muehldorf.at\/wordpress\/2019\/09\/21\/trt-muehldorf-bei-den-oesterreichischen-thl-tagen-2019\/\">\n\t\t\t\t\t\t\t\t\t\t\tweiter...\t\t\t\t\t\t\t\t\t\t<\/a>\n\t\t\t\t\t\t\t\t\t<\/p>\n\t\t\t\t\t\t\t\t<\/div>\n\t\t\t\t\t\t\t\t<footer>\n\t\t\t\t\t\t\t\t<\/footer>\n\t\t\t\t\t\t\t<\/div>\n\t\t\t\t\t\t<\/div>\n\t\t\t\t\t<\/article>\n\t\t\t\t<\/div>\n\t\t\t\t\t\t\t\t\t\t<div class=\"col-md-6 col-sm-6 blog-home-shortcode-single-post clearclass1\">\n\t\t\t\t\t\t\t<article id=\"post-6891\" class=\"post-6891 post type-post status-publish format-standard has-post-thumbnail hentry category-aktivitaeten category-technical-rescue-team category-technische-hilfe category-uebungen tag-menschenrettung tag-patientengerecht tag-technical-rescue-team tag-technische-hilfe tag-trt\">\n\t\t\t\t\t\t\t\t<div class=\"rowtight\">\n\t\t\t\t\t\t\t\t\t\t\t\t\t\t\t\t\t<div class=\"tcol-md-5 tcol-sm-12 tcol-ss-12\">\n\t\t\t\t\t\t\t\t\t\t<div class=\"imghoverclass\">\n\t\t\t\t\t\t\t\t\t\t\t<a href=\"https:\/\/ff-muehldorf.at\/wordpress\/2019\/09\/13\/intensive-uebungen-in-technischer-hilfeleistung\/\" title=\"Intensive \u00dcbungen in technischer Hilfeleistung\">\n\t\t\t\t\t\t\t\t\t\t\t\t<div class=\"kt-intrinsic-container kt-intrinsic-container-center\" style=\"max-width:270px\"><div class=\"kt-intrinsic\" style=\"padding-bottom:100%;\"><div itemprop=\"image\" itemscope itemtype=\"https:\/\/schema.org\/ImageObject\"><img loading=\"lazy\" decoding=\"async\" src=\"https:\/\/ff-muehldorf.at\/wordpress\/wp-content\/uploads\/2019\/09\/13\/2019-09-13_intensive-uebungen-in-technischer-hilfeleistung-270x270.png\" width=\"270\" height=\"270\" srcset=\"https:\/\/ff-muehldorf.at\/wordpress\/wp-content\/uploads\/2019\/09\/13\/2019-09-13_intensive-uebungen-in-technischer-hilfeleistung-270x270.png 270w, https:\/\/ff-muehldorf.at\/wordpress\/wp-content\/uploads\/2019\/09\/13\/2019-09-13_intensive-uebungen-in-technischer-hilfeleistung-150x150.png 150w, https:\/\/ff-muehldorf.at\/wordpress\/wp-content\/uploads\/2019\/09\/13\/2019-09-13_intensive-uebungen-in-technischer-hilfeleistung-400x400.png 400w, https:\/\/ff-muehldorf.at\/wordpress\/wp-content\/uploads\/2019\/09\/13\/2019-09-13_intensive-uebungen-in-technischer-hilfeleistung-365x365.png 365w\" sizes=\"auto, (max-width: 270px) 100vw, 270px\" class=\"iconhover post-excerpt-image\" itemprop=\"contentUrl\" alt=\"\" ><meta itemprop=\"url\" content=\"https:\/\/ff-muehldorf.at\/wordpress\/wp-content\/uploads\/2019\/09\/13\/2019-09-13_intensive-uebungen-in-technischer-hilfeleistung-270x270.png\"><meta itemprop=\"width\" content=\"270px\"><meta itemprop=\"height\" content=\"270px\"><\/div><\/div><\/div>\t\t\t\t\t\t\t\t\t\t\t<\/a>\n\t\t\t\t\t\t\t\t\t\t<\/div>\n\t\t\t\t\t\t\t\t\t<\/div>\n\t\t\t\t\t\t\t\t\t\t\t\t\t\t\t\t\t<div class=\"tcol-md-7 tcol-sm-12 tcol-ss-12 postcontent\">\n\t\t\t\t\t\t\t\t\t<div class=\"postmeta color_gray\">\n\t\t\t\t\t\t\t\t\t\t<div class=\"postdate bg-lightgray headerfont\">\n\t\t\t\t\t\t\t\t\t\t\t<span class=\"postday\">13<\/span>\n\t\t\t\t\t\t\t\t\t\t\tSep. 2019\t\t\t\t\t\t\t\t\t\t<\/div>\n\t\t\t\t\t\t\t\t\t<\/div>\n\t\t\t\t\t\t\t\t<header class=\"home_blog_title\">\n\t\t\t\t\t\t\t\t\t<a href=\"https:\/\/ff-muehldorf.at\/wordpress\/2019\/09\/13\/intensive-uebungen-in-technischer-hilfeleistung\/\">\n\t\t\t\t\t\t\t\t\t\t<h5 class=\"entry-title\">Intensive \u00dcbungen in technischer Hilfeleistung<\/h5>\n\t\t\t\t\t\t\t\t\t<\/a>\n\t\t\t\t\t\t\t\t\t<div class=\"subhead color_gray\">\n\t\t\t\t\t\t\t\t\t<span class=\"postauthortop\" rel=\"tooltip\" data-placement=\"top\" data-original-title=\"Administrator\">\n\t\t\t\t\t\t\t\t\t\t<i class=\"icon-user\"><\/i>\n\t\t\t\t\t\t\t\t\t<\/span>\n\t\t\t\t\t\t\t\t\t<span class=\"kad-hidepostauthortop\"> | <\/span>\n\t\t\t\t\t\t\t\t\t\t\t\t\t\t\t\t\t\t\t\t\t<span class=\"postedintop\" rel=\"tooltip\" data-placement=\"top\" data-original-title=\"Aktivit\u00e4ten&nbsp;Technical Rescue Team&nbsp;Technische Hilfe&nbsp;\u00dcbungen&nbsp;\"><i class=\"icon-folder\"><\/i><\/span>\n\t\t\t\t\t\t\t\t\t\t\t\t\t\t\t\t\t\t\t\t<\/div>\n\t\t\t\t\t\t\t\t<\/header>\n\t\t\t\t\t\t\t\t<div class=\"entry-content\">\n\t\t\t\t\t\t\t\t\t<p>\n\t\t\t\t\t\t\t\t\t\tIm letzten Monat haben unsere beiden \u201eTechnical Rescue Teams (TRT)\u201c in einem technischen \u00dcbungsschwerpunkt wieder intensiv mit dem Thema \u201ePatientenorientierte Menschenrettung\u201c auseinandergesetzt. Dabei wurden in zahlreichen Spezial\u00fcbungen eine Vielzahl m\u00f6glicher Unfallszenarien mit echten schrottreifen PKWs...\t\t\t\t\t\t\t\t\t\t<a href=\"https:\/\/ff-muehldorf.at\/wordpress\/2019\/09\/13\/intensive-uebungen-in-technischer-hilfeleistung\/\">\n\t\t\t\t\t\t\t\t\t\t\tweiter...\t\t\t\t\t\t\t\t\t\t<\/a>\n\t\t\t\t\t\t\t\t\t<\/p>\n\t\t\t\t\t\t\t\t<\/div>\n\t\t\t\t\t\t\t\t<footer>\n\t\t\t\t\t\t\t\t<\/footer>\n\t\t\t\t\t\t\t<\/div>\n\t\t\t\t\t\t<\/div>\n\t\t\t\t\t<\/article>\n\t\t\t\t<\/div>\n\t\t\t\t\t\t\t<\/div>\n\t\t<\/div> <!--home-blog -->\n\t\t\n<div class=\"hrule clearfix\" style=\" height:2px\"><\/div>\n","protected":false},"excerpt":{"rendered":"<p>Zu Beginn dieses Jahres 2016 wurde in unserer Feuerwehr das erste TRT (Technical Rescue Team) des Bezirks Urfahr-Umgebung gegr\u00fcndet. Beim Technical Rescue Team handelt es sich um eine\u00a0\u201epatientenorientierte\u201c Auseinandersetzung mit dem Thema technischer Hilfeleistung.\u00a0Das Technisches Rettungsteam wurde durch die Initiative &hellip; <a class=\"kt-excerpt-readmore\" href=\"https:\/\/ff-muehldorf.at\/wordpress\/2019\/09\/13\/intensive-uebungen-in-technischer-hilfeleistung\/\" aria-label=\"Intensive \u00dcbungen in technischer Hilfeleistung\">weiter&#8230;<\/a><\/p>\n","protected":false},"author":7,"featured_media":4170,"menu_order":0,"comment_status":"closed","ping_status":"closed","template":"","meta":[],"portfolio-type":[531],"portfolio-tag":[532,533],"class_list":["post-4168","portfolio","type-portfolio","status-publish","has-post-thumbnail","hentry","portfolio-type-technical-rescue-team","portfolio-tag-technical-rescue-team","portfolio-tag-trt"],"_links":{"self":[{"href":"https:\/\/ff-muehldorf.at\/wordpress\/wp-json\/wp\/v2\/portfolio\/4168","targetHints":{"allow":["GET"]}}],"collection":[{"href":"https:\/\/ff-muehldorf.at\/wordpress\/wp-json\/wp\/v2\/portfolio"}],"about":[{"href":"https:\/\/ff-muehldorf.at\/wordpress\/wp-json\/wp\/v2\/types\/portfolio"}],"author":[{"embeddable":true,"href":"https:\/\/ff-muehldorf.at\/wordpress\/wp-json\/wp\/v2\/users\/7"}],"replies":[{"embeddable":true,"href":"https:\/\/ff-muehldorf.at\/wordpress\/wp-json\/wp\/v2\/comments?post=4168"}],"wp:featuredmedia":[{"embeddable":true,"href":"https:\/\/ff-muehldorf.at\/wordpress\/wp-json\/wp\/v2\/media\/4170"}],"wp:attachment":[{"href":"https:\/\/ff-muehldorf.at\/wordpress\/wp-json\/wp\/v2\/media?parent=4168"}],"wp:term":[{"taxonomy":"portfolio-type","embeddable":true,"href":"https:\/\/ff-muehldorf.at\/wordpress\/wp-json\/wp\/v2\/portfolio-type?post=4168"},{"taxonomy":"portfolio-tag","embeddable":true,"href":"https:\/\/ff-muehldorf.at\/wordpress\/wp-json\/wp\/v2\/portfolio-tag?post=4168"}],"curies":[{"name":"wp","href":"https:\/\/api.w.org\/{rel}","templated":true}]}}